{"id":4114,"date":"2024-09-13T12:35:14","date_gmt":"2024-09-13T10:35:14","guid":{"rendered":"https:\/\/avintiainmobiliaria.com\/proyectos\/b-hotel-vallecas-159-rooms\/"},"modified":"2025-09-15T14:14:19","modified_gmt":"2025-09-15T12:14:19","slug":"b-hotel-vallecas-159-rooms","status":"publish","type":"proyectos","link":"https:\/\/avintiainmobiliaria.com\/en\/projects\/b-hotel-vallecas-159-rooms\/","title":{"rendered":"Hotel B&amp;B Vallecas \u2013 159 habitaciones"},"content":{"rendered":"\n<div class=\"wp-block-uagb-container uagb-block-eb28758e alignfull uagb-is-root-container\"><div class=\"uagb-container-inner-blocks-wrap\">\n<div class=\"wp-block-uagb-container uagb-block-fb54b1f2\">\n<div class=\"wp-block-uagb-advanced-heading uagb-block-82b05ac6\"><h2 class=\"uagb-heading-text\">El proyecto<\/h2><\/div>\n\n\n\n<p>El\u00a0<strong>B&amp;B Hotel Vallecas<\/strong>, situado en la calle Villalcon 3, en Vallecas, cuenta con 159 habitaciones y se prev\u00e9 un plazo de construcci\u00f3n de 13 meses. Al igual que otros hoteles de la cadena, es de 3 estrellas y se edificar\u00e1 con el sistema prefabricado \u00c1VITA-Wallex. Est\u00e1 bien conectado con el transporte p\u00fablico, cerca de las l\u00edneas de tren C2 y C7, y de las estaciones de metro Congosto y Sierra de Guadalupe (L\u00ednea 1), as\u00ed como las l\u00edneas de autob\u00fas 103 y 142. El edificio, aislado, se compone de planta inferior a la baja, planta baja y 6 plantas m\u00e1s.<\/p>\n<\/div>\n\n\n\n<div class=\"wp-block-uagb-container uagb-block-32e91283\">\n<div class=\"wp-block-uagb-image uagb-block-3f0448bc wp-block-uagb-image--layout-default wp-block-uagb-image--effect-static wp-block-uagb-image--align-none\"><figure class=\"wp-block-uagb-image__figure\"><img decoding=\"async\" srcset=\"https:\/\/avintiainmobiliaria.com\/wp-content\/uploads\/\/Avintia-hotel-vallecas-2-1200x800.webp ,https:\/\/avintiainmobiliaria.com\/wp-content\/uploads\/Avintia-hotel-vallecas-2.webp 780w, https:\/\/avintiainmobiliaria.com\/wp-content\/uploads\/Avintia-hotel-vallecas-2.webp 360w\" sizes=\"auto, (max-width: 480px) 150px\" src=\"https:\/\/avintiainmobiliaria.com\/wp-content\/uploads\/\/Avintia-hotel-vallecas-2-1200x800.webp\" alt=\"Avintia Hotel Vallecas 2\" class=\"uag-image-850\" width=\"1200\" height=\"674\" title=\"Avintia Hotel Vallecas 2\" loading=\"lazy\" role=\"img\"\/><\/figure><\/div>\n<\/div>\n<\/div><\/div>\n\n<div class=\"wp-block-uagb-container uagb-block-2d4e43e9 alignfull uagb-is-root-container\"><div class=\"uagb-container-inner-blocks-wrap\">\n<div class=\"wp-block-uagb-container uagb-block-e0bd827c\">\n<div class=\"wp-block-uagb-image uagb-block-ac98f88c wp-block-uagb-image--layout-default wp-block-uagb-image--effect-static wp-block-uagb-image--align-none\"><figure class=\"wp-block-uagb-image__figure\"><img decoding=\"async\" srcset=\"https:\/\/avintiainmobiliaria.com\/wp-content\/uploads\/\/Avintia-hotel-vallecas-1-1200x800.webp ,https:\/\/avintiainmobiliaria.com\/wp-content\/uploads\/Avintia-hotel-vallecas-1.webp 780w, https:\/\/avintiainmobiliaria.com\/wp-content\/uploads\/Avintia-hotel-vallecas-1.webp 360w\" sizes=\"auto, (max-width: 480px) 150px\" src=\"https:\/\/avintiainmobiliaria.com\/wp-content\/uploads\/\/Avintia-hotel-vallecas-1-1200x800.webp\" alt=\"Avintia Hotel Vallecas 1\" class=\"uag-image-849\" width=\"1200\" height=\"674\" title=\"Avintia Hotel Vallecas 1\" loading=\"lazy\" role=\"img\"\/><\/figure><\/div>\n<\/div>\n\n\n\n<div class=\"wp-block-uagb-container uagb-block-83042e3d\">\n<p>El hotel dispondr\u00e1 de 53 plazas de aparcamiento, incluyendo una para carga y descarga, 6 accesibles y 2 con cargadores para veh\u00edculos el\u00e9ctricos. Entre las instalaciones del hotel se incluyen comedor para desayunos, sala de reuniones, \u00e1reas de servicio para el personal, cuartos t\u00e9cnicos, y garaje exterior. Las habitaciones est\u00e1n equipadas con aire acondicionado mediante conductos, armario-escritorio exento, caja fuerte, TV y ba\u00f1o privado con ducha.<\/p>\n<\/div>\n<\/div><\/div>\n\n<div class=\"wp-block-uagb-container uagb-block-880b0ec9 alignfull uagb-is-root-container\"><div class=\"uagb-container-inner-blocks-wrap\">\n<div class=\"wp-block-uagb-advanced-heading uagb-block-84f361b4\"><h2 class=\"uagb-heading-text\">Galer\u00eda<\/h2><\/div>\n\n\n\n<hr class=\"wp-block-separator has-text-color has-ast-global-color-1-color has-alpha-channel-opacity has-ast-global-color-1-background-color has-background is-style-wide\" style=\"margin-top:0;margin-bottom:0\"\/>\n\n\n\n<figure class=\"wp-block-gallery has-nested-images columns-default is-cropped wp-block-gallery-1 is-layout-flex wp-block-gallery-is-layout-flex\">\n<figure class=\"wp-block-image size-large\"><a href=\"https:\/\/avintiainmobiliaria.com\/wp-content\/uploads\/Avintia-hotel-vallecas-2.webp\" data-lbwps-width=\"1600\" data-lbwps-height=\"1067\" data-lbwps-srcsmall=\"https:\/\/avintiainmobiliaria.com\/wp-content\/uploads\/Avintia-hotel-vallecas-2-420x280.webp\"><img loading=\"lazy\" decoding=\"async\" width=\"1200\" height=\"800\" data-id=\"850\" src=\"https:\/\/avintiainmobiliaria.com\/wp-content\/uploads\/\/Avintia-hotel-vallecas-2-1200x800.webp\" alt=\"Avintia Hotel Vallecas 2\" class=\"wp-image-850\" srcset=\"https:\/\/avintiainmobiliaria.com\/wp-content\/uploads\/Avintia-hotel-vallecas-2-1200x800.webp 1200w, https:\/\/avintiainmobiliaria.com\/wp-content\/uploads\/Avintia-hotel-vallecas-2-921x614.webp 921w, https:\/\/avintiainmobiliaria.com\/wp-content\/uploads\/Avintia-hotel-vallecas-2-420x280.webp 420w, https:\/\/avintiainmobiliaria.com\/wp-content\/uploads\/Avintia-hotel-vallecas-2-768x512.webp 768w, https:\/\/avintiainmobiliaria.com\/wp-content\/uploads\/Avintia-hotel-vallecas-2-1536x1024.webp 1536w, https:\/\/avintiainmobiliaria.com\/wp-content\/uploads\/Avintia-hotel-vallecas-2.webp 1600w\" sizes=\"auto, (max-width: 1200px) 100vw, 1200px\" \/><\/a><figcaption class=\"wp-element-caption\">Avintia Hotel Vallecas 2<\/figcaption><\/figure>\n\n\n\n<figure class=\"wp-block-image size-large\"><a href=\"https:\/\/avintiainmobiliaria.com\/wp-content\/uploads\/Avintia-hotel-vallecas-1.webp\" data-lbwps-width=\"1600\" data-lbwps-height=\"1067\" data-lbwps-srcsmall=\"https:\/\/avintiainmobiliaria.com\/wp-content\/uploads\/Avintia-hotel-vallecas-1-420x280.webp\"><img loading=\"lazy\" decoding=\"async\" width=\"1200\" height=\"800\" data-id=\"849\" src=\"https:\/\/avintiainmobiliaria.com\/wp-content\/uploads\/\/Avintia-hotel-vallecas-1-1200x800.webp\" alt=\"Avintia Hotel Vallecas 1\" class=\"wp-image-849\" srcset=\"https:\/\/avintiainmobiliaria.com\/wp-content\/uploads\/Avintia-hotel-vallecas-1-1200x800.webp 1200w, https:\/\/avintiainmobiliaria.com\/wp-content\/uploads\/Avintia-hotel-vallecas-1-921x614.webp 921w, https:\/\/avintiainmobiliaria.com\/wp-content\/uploads\/Avintia-hotel-vallecas-1-420x280.webp 420w, https:\/\/avintiainmobiliaria.com\/wp-content\/uploads\/Avintia-hotel-vallecas-1-768x512.webp 768w, https:\/\/avintiainmobiliaria.com\/wp-content\/uploads\/Avintia-hotel-vallecas-1-1536x1024.webp 1536w, https:\/\/avintiainmobiliaria.com\/wp-content\/uploads\/Avintia-hotel-vallecas-1.webp 1600w\" sizes=\"auto, (max-width: 1200px) 100vw, 1200px\" \/><\/a><figcaption class=\"wp-element-caption\">Avintia Hotel Vallecas 1<\/figcaption><\/figure>\n<\/figure>\n<\/div><\/div>\n\n<div id=\"mapa-proyecto\" class=\"wp-block-uagb-container uagb-block-4a722db1 alignfull uagb-is-root-container\"><div class=\"uagb-container-inner-blocks-wrap\">\n<div class=\"wp-block-uagb-advanced-heading uagb-block-1d18689e\"><h2 class=\"uagb-heading-text\">Ubicaci\u00f3n<\/h2><\/div>\n\n\n\n<hr class=\"wp-block-separator has-text-color has-ast-global-color-1-color has-alpha-channel-opacity has-ast-global-color-1-background-color has-background is-style-wide\" style=\"margin-top:0;margin-bottom:0\"\/>\n\n\n<\/div><\/div>\n","protected":false},"excerpt":{"rendered":"<p>El proyecto El\u00a0B&amp;B Hotel Vallecas, situado en la calle Villalcon 3, en Vallecas, cuenta con 159 habitaciones y se prev\u00e9 [&hellip;]<\/p>\n","protected":false},"author":6,"featured_media":2783,"parent":0,"comment_status":"closed","ping_status":"closed","template":"","meta":{"_acf_changed":false,"inline_featured_image":false,"_uag_custom_page_level_css":"","site-sidebar-layout":"default","site-content-layout":"","ast-site-content-layout":"default","site-content-style":"default","site-sidebar-style":"default","ast-global-header-display":"","ast-banner-title-visibility":"","ast-main-header-display":"","ast-hfb-above-header-display":"","ast-hfb-below-header-display":"","ast-hfb-mobile-header-display":"","site-post-title":"","ast-breadcrumbs-content":"","ast-featured-img":"disabled","footer-sml-layout":"","ast-disable-related-posts":"","theme-transparent-header-meta":"","adv-header-id-meta":"","stick-header-meta":"","header-above-stick-meta":"","header-main-stick-meta":"","header-below-stick-meta":"","astra-migrate-meta-layouts":"default","ast-page-background-enabled":"default","ast-page-background-meta":{"desktop":{"background-color":"var(--ast-global-color-4)","background-image":"","background-repeat":"repeat","background-position":"center center","background-size":"auto","background-attachment":"scroll","background-type":"","background-media":"","overlay-type":"","overlay-color":"","overlay-opacity":"","overlay-gradient":""},"tablet":{"background-color":"","background-image":"","background-repeat":"repeat","background-position":"center center","background-size":"auto","background-attachment":"scroll","background-type":"","background-media":"","overlay-type":"","overlay-color":"","overlay-opacity":"","overlay-gradient":""},"mobile":{"background-color":"","background-image":"","background-repeat":"repeat","background-position":"center center","background-size":"auto","background-attachment":"scroll","background-type":"","background-media":"","overlay-type":"","overlay-color":"","overlay-opacity":"","overlay-gradient":""}},"ast-content-background-meta":{"desktop":{"background-color":"var(--ast-global-color-5)","background-image":"","background-repeat":"repeat","background-position":"center center","background-size":"auto","background-attachment":"scroll","background-type":"","background-media":"","overlay-type":"","overlay-color":"","overlay-opacity":"","overlay-gradient":""},"tablet":{"background-color":"var(--ast-global-color-5)","background-image":"","background-repeat":"repeat","background-position":"center center","background-size":"auto","background-attachment":"scroll","background-type":"","background-media":"","overlay-type":"","overlay-color":"","overlay-opacity":"","overlay-gradient":""},"mobile":{"background-color":"var(--ast-global-color-5)","background-image":"","background-repeat":"repeat","background-position":"center center","background-size":"auto","background-attachment":"scroll","background-type":"","background-media":"","overlay-type":"","overlay-color":"","overlay-opacity":"","overlay-gradient":""}}},"estatus":[8],"linea":[12],"destacado":[],"class_list":["post-4114","proyectos","type-proyectos","status-publish","has-post-thumbnail","hentry","estatus-en-curso","linea-hoteles"],"acf":[],"yoast_head":"<!-- This site is optimized with the Yoast SEO plugin v27.3 - https:\/\/yoast.com\/product\/yoast-seo-wordpress\/ -->\n<title>Hotel B&amp;B Vallecas \u2013 159 habitaciones - Avintia Inmobiliaria<\/title>\n<meta name=\"robots\" content=\"index, follow, max-snippet:-1, max-image-preview:large, max-video-preview:-1\" \/>\n<link rel=\"canonical\" href=\"https:\/\/avintiainmobiliaria.com\/en\/projects\/b-hotel-vallecas-159-rooms\/\" \/>\n<meta property=\"og:locale\" content=\"en_US\" \/>\n<meta property=\"og:type\" content=\"article\" \/>\n<meta property=\"og:title\" content=\"Hotel B&amp;B Vallecas \u2013 159 habitaciones - Avintia Inmobiliaria\" \/>\n<meta property=\"og:description\" content=\"El proyecto El\u00a0B&amp;B Hotel Vallecas, situado en la calle Villalcon 3, en Vallecas, cuenta con 159 habitaciones y se prev\u00e9 [&hellip;]\" \/>\n<meta property=\"og:url\" content=\"https:\/\/avintiainmobiliaria.com\/en\/projects\/b-hotel-vallecas-159-rooms\/\" \/>\n<meta property=\"og:site_name\" content=\"Avintia Inmobiliaria\" \/>\n<meta property=\"article:modified_time\" content=\"2025-09-15T12:14:19+00:00\" \/>\n<meta property=\"og:image\" content=\"https:\/\/avintiainmobiliaria.com\/wp-content\/uploads\/Avintia-hotel-vallecas-1.webp\" \/>\n\t<meta property=\"og:image:width\" content=\"1600\" \/>\n\t<meta property=\"og:image:height\" content=\"1067\" \/>\n\t<meta property=\"og:image:type\" content=\"image\/webp\" \/>\n<meta name=\"twitter:card\" content=\"summary_large_image\" \/>\n<meta name=\"twitter:label1\" content=\"Est. reading time\" \/>\n\t<meta name=\"twitter:data1\" content=\"1 minute\" \/>\n<script type=\"application\/ld+json\" class=\"yoast-schema-graph\">{\"@context\":\"https:\\\/\\\/schema.org\",\"@graph\":[{\"@type\":\"WebPage\",\"@id\":\"https:\\\/\\\/avintiainmobiliaria.com\\\/en\\\/projects\\\/b-hotel-vallecas-159-rooms\\\/\",\"url\":\"https:\\\/\\\/avintiainmobiliaria.com\\\/en\\\/projects\\\/b-hotel-vallecas-159-rooms\\\/\",\"name\":\"Hotel B&amp;B Vallecas \u2013 159 habitaciones - Avintia Inmobiliaria\",\"isPartOf\":{\"@id\":\"https:\\\/\\\/avintiainmobiliaria.com\\\/en\\\/#website\"},\"primaryImageOfPage\":{\"@id\":\"https:\\\/\\\/avintiainmobiliaria.com\\\/en\\\/projects\\\/b-hotel-vallecas-159-rooms\\\/#primaryimage\"},\"image\":{\"@id\":\"https:\\\/\\\/avintiainmobiliaria.com\\\/en\\\/projects\\\/b-hotel-vallecas-159-rooms\\\/#primaryimage\"},\"thumbnailUrl\":\"https:\\\/\\\/avintiainmobiliaria.com\\\/wp-content\\\/uploads\\\/Avintia-hotel-vallecas-1.webp\",\"datePublished\":\"2024-09-13T10:35:14+00:00\",\"dateModified\":\"2025-09-15T12:14:19+00:00\",\"breadcrumb\":{\"@id\":\"https:\\\/\\\/avintiainmobiliaria.com\\\/en\\\/projects\\\/b-hotel-vallecas-159-rooms\\\/#breadcrumb\"},\"inLanguage\":\"en-US\",\"potentialAction\":[{\"@type\":\"ReadAction\",\"target\":[\"https:\\\/\\\/avintiainmobiliaria.com\\\/en\\\/projects\\\/b-hotel-vallecas-159-rooms\\\/\"]}]},{\"@type\":\"ImageObject\",\"inLanguage\":\"en-US\",\"@id\":\"https:\\\/\\\/avintiainmobiliaria.com\\\/en\\\/projects\\\/b-hotel-vallecas-159-rooms\\\/#primaryimage\",\"url\":\"https:\\\/\\\/avintiainmobiliaria.com\\\/wp-content\\\/uploads\\\/Avintia-hotel-vallecas-1.webp\",\"contentUrl\":\"https:\\\/\\\/avintiainmobiliaria.com\\\/wp-content\\\/uploads\\\/Avintia-hotel-vallecas-1.webp\",\"width\":1600,\"height\":1067,\"caption\":\"Avintia Hotel Vallecas 1\"},{\"@type\":\"BreadcrumbList\",\"@id\":\"https:\\\/\\\/avintiainmobiliaria.com\\\/en\\\/projects\\\/b-hotel-vallecas-159-rooms\\\/#breadcrumb\",\"itemListElement\":[{\"@type\":\"ListItem\",\"position\":1,\"name\":\"Portada\",\"item\":\"https:\\\/\\\/avintiainmobiliaria.com\\\/en\\\/\"},{\"@type\":\"ListItem\",\"position\":2,\"name\":\"Projects\",\"item\":\"https:\\\/\\\/avintiainmobiliaria.com\\\/en\\\/projects\\\/\"},{\"@type\":\"ListItem\",\"position\":3,\"name\":\"Hotel B&amp;B Vallecas \u2013 159 habitaciones\"}]},{\"@type\":\"WebSite\",\"@id\":\"https:\\\/\\\/avintiainmobiliaria.com\\\/en\\\/#website\",\"url\":\"https:\\\/\\\/avintiainmobiliaria.com\\\/en\\\/\",\"name\":\"Avintia Inmobiliaria\",\"description\":\"\",\"publisher\":{\"@id\":\"https:\\\/\\\/avintiainmobiliaria.com\\\/en\\\/#organization\"},\"potentialAction\":[{\"@type\":\"SearchAction\",\"target\":{\"@type\":\"EntryPoint\",\"urlTemplate\":\"https:\\\/\\\/avintiainmobiliaria.com\\\/en\\\/?s={search_term_string}\"},\"query-input\":{\"@type\":\"PropertyValueSpecification\",\"valueRequired\":true,\"valueName\":\"search_term_string\"}}],\"inLanguage\":\"en-US\"},{\"@type\":\"Organization\",\"@id\":\"https:\\\/\\\/avintiainmobiliaria.com\\\/en\\\/#organization\",\"name\":\"Avintia Inmobiliaria\",\"url\":\"https:\\\/\\\/avintiainmobiliaria.com\\\/en\\\/\",\"logo\":{\"@type\":\"ImageObject\",\"inLanguage\":\"en-US\",\"@id\":\"https:\\\/\\\/avintiainmobiliaria.com\\\/en\\\/#\\\/schema\\\/logo\\\/image\\\/\",\"url\":\"https:\\\/\\\/avintiainmobiliaria.com\\\/wp-content\\\/uploads\\\/logo-avintia-inmobiliaria-a.svg\",\"contentUrl\":\"https:\\\/\\\/avintiainmobiliaria.com\\\/wp-content\\\/uploads\\\/logo-avintia-inmobiliaria-a.svg\",\"width\":141,\"height\":13,\"caption\":\"Avintia Inmobiliaria\"},\"image\":{\"@id\":\"https:\\\/\\\/avintiainmobiliaria.com\\\/en\\\/#\\\/schema\\\/logo\\\/image\\\/\"}}]}<\/script>\n<!-- \/ Yoast SEO plugin. -->","yoast_head_json":{"title":"Hotel B&amp;B Vallecas \u2013 159 habitaciones - Avintia Inmobiliaria","robots":{"index":"index","follow":"follow","max-snippet":"max-snippet:-1","max-image-preview":"max-image-preview:large","max-video-preview":"max-video-preview:-1"},"canonical":"https:\/\/avintiainmobiliaria.com\/en\/projects\/b-hotel-vallecas-159-rooms\/","og_locale":"en_US","og_type":"article","og_title":"Hotel B&amp;B Vallecas \u2013 159 habitaciones - Avintia Inmobiliaria","og_description":"El proyecto El\u00a0B&amp;B Hotel Vallecas, situado en la calle Villalcon 3, en Vallecas, cuenta con 159 habitaciones y se prev\u00e9 [&hellip;]","og_url":"https:\/\/avintiainmobiliaria.com\/en\/projects\/b-hotel-vallecas-159-rooms\/","og_site_name":"Avintia Inmobiliaria","article_modified_time":"2025-09-15T12:14:19+00:00","og_image":[{"width":1600,"height":1067,"url":"https:\/\/avintiainmobiliaria.com\/wp-content\/uploads\/Avintia-hotel-vallecas-1.webp","type":"image\/webp"}],"twitter_card":"summary_large_image","twitter_misc":{"Est. reading time":"1 minute"},"schema":{"@context":"https:\/\/schema.org","@graph":[{"@type":"WebPage","@id":"https:\/\/avintiainmobiliaria.com\/en\/projects\/b-hotel-vallecas-159-rooms\/","url":"https:\/\/avintiainmobiliaria.com\/en\/projects\/b-hotel-vallecas-159-rooms\/","name":"Hotel B&amp;B Vallecas \u2013 159 habitaciones - Avintia Inmobiliaria","isPartOf":{"@id":"https:\/\/avintiainmobiliaria.com\/en\/#website"},"primaryImageOfPage":{"@id":"https:\/\/avintiainmobiliaria.com\/en\/projects\/b-hotel-vallecas-159-rooms\/#primaryimage"},"image":{"@id":"https:\/\/avintiainmobiliaria.com\/en\/projects\/b-hotel-vallecas-159-rooms\/#primaryimage"},"thumbnailUrl":"https:\/\/avintiainmobiliaria.com\/wp-content\/uploads\/Avintia-hotel-vallecas-1.webp","datePublished":"2024-09-13T10:35:14+00:00","dateModified":"2025-09-15T12:14:19+00:00","breadcrumb":{"@id":"https:\/\/avintiainmobiliaria.com\/en\/projects\/b-hotel-vallecas-159-rooms\/#breadcrumb"},"inLanguage":"en-US","potentialAction":[{"@type":"ReadAction","target":["https:\/\/avintiainmobiliaria.com\/en\/projects\/b-hotel-vallecas-159-rooms\/"]}]},{"@type":"ImageObject","inLanguage":"en-US","@id":"https:\/\/avintiainmobiliaria.com\/en\/projects\/b-hotel-vallecas-159-rooms\/#primaryimage","url":"https:\/\/avintiainmobiliaria.com\/wp-content\/uploads\/Avintia-hotel-vallecas-1.webp","contentUrl":"https:\/\/avintiainmobiliaria.com\/wp-content\/uploads\/Avintia-hotel-vallecas-1.webp","width":1600,"height":1067,"caption":"Avintia Hotel Vallecas 1"},{"@type":"BreadcrumbList","@id":"https:\/\/avintiainmobiliaria.com\/en\/projects\/b-hotel-vallecas-159-rooms\/#breadcrumb","itemListElement":[{"@type":"ListItem","position":1,"name":"Portada","item":"https:\/\/avintiainmobiliaria.com\/en\/"},{"@type":"ListItem","position":2,"name":"Projects","item":"https:\/\/avintiainmobiliaria.com\/en\/projects\/"},{"@type":"ListItem","position":3,"name":"Hotel B&amp;B Vallecas \u2013 159 habitaciones"}]},{"@type":"WebSite","@id":"https:\/\/avintiainmobiliaria.com\/en\/#website","url":"https:\/\/avintiainmobiliaria.com\/en\/","name":"Avintia Inmobiliaria","description":"","publisher":{"@id":"https:\/\/avintiainmobiliaria.com\/en\/#organization"},"potentialAction":[{"@type":"SearchAction","target":{"@type":"EntryPoint","urlTemplate":"https:\/\/avintiainmobiliaria.com\/en\/?s={search_term_string}"},"query-input":{"@type":"PropertyValueSpecification","valueRequired":true,"valueName":"search_term_string"}}],"inLanguage":"en-US"},{"@type":"Organization","@id":"https:\/\/avintiainmobiliaria.com\/en\/#organization","name":"Avintia Inmobiliaria","url":"https:\/\/avintiainmobiliaria.com\/en\/","logo":{"@type":"ImageObject","inLanguage":"en-US","@id":"https:\/\/avintiainmobiliaria.com\/en\/#\/schema\/logo\/image\/","url":"https:\/\/avintiainmobiliaria.com\/wp-content\/uploads\/logo-avintia-inmobiliaria-a.svg","contentUrl":"https:\/\/avintiainmobiliaria.com\/wp-content\/uploads\/logo-avintia-inmobiliaria-a.svg","width":141,"height":13,"caption":"Avintia Inmobiliaria"},"image":{"@id":"https:\/\/avintiainmobiliaria.com\/en\/#\/schema\/logo\/image\/"}}]}},"uagb_featured_image_src":{"full":["https:\/\/avintiainmobiliaria.com\/wp-content\/uploads\/Avintia-hotel-vallecas-1.webp",1600,1067,false],"thumbnail":["https:\/\/avintiainmobiliaria.com\/wp-content\/uploads\/Avintia-hotel-vallecas-1-420x280.webp",420,280,true],"medium":["https:\/\/avintiainmobiliaria.com\/wp-content\/uploads\/Avintia-hotel-vallecas-1-921x614.webp",921,614,true],"medium_large":["https:\/\/avintiainmobiliaria.com\/wp-content\/uploads\/Avintia-hotel-vallecas-1-768x512.webp",768,512,true],"large":["https:\/\/avintiainmobiliaria.com\/wp-content\/uploads\/Avintia-hotel-vallecas-1-1200x800.webp",1200,800,true],"1536x1536":["https:\/\/avintiainmobiliaria.com\/wp-content\/uploads\/Avintia-hotel-vallecas-1-1536x1024.webp",1536,1024,true],"2048x2048":["https:\/\/avintiainmobiliaria.com\/wp-content\/uploads\/Avintia-hotel-vallecas-1.webp",1600,1067,false],"gform-image-choice-sm":["https:\/\/avintiainmobiliaria.com\/wp-content\/uploads\/Avintia-hotel-vallecas-1.webp",300,200,false],"gform-image-choice-md":["https:\/\/avintiainmobiliaria.com\/wp-content\/uploads\/Avintia-hotel-vallecas-1.webp",400,267,false],"gform-image-choice-lg":["https:\/\/avintiainmobiliaria.com\/wp-content\/uploads\/Avintia-hotel-vallecas-1.webp",600,400,false]},"uagb_author_info":{"display_name":"Manu Gallego","author_link":"https:\/\/avintiainmobiliaria.com\/en\/author\/manu\/"},"uagb_comment_info":0,"uagb_excerpt":"El proyecto El\u00a0B&amp;B Hotel Vallecas, situado en la calle Villalcon 3, en Vallecas, cuenta con 159 habitaciones y se prev\u00e9 [&hellip;]","_links":{"self":[{"href":"https:\/\/avintiainmobiliaria.com\/en\/wp-json\/wp\/v2\/proyectos\/4114","targetHints":{"allow":["GET"]}}],"collection":[{"href":"https:\/\/avintiainmobiliaria.com\/en\/wp-json\/wp\/v2\/proyectos"}],"about":[{"href":"https:\/\/avintiainmobiliaria.com\/en\/wp-json\/wp\/v2\/types\/proyectos"}],"author":[{"embeddable":true,"href":"https:\/\/avintiainmobiliaria.com\/en\/wp-json\/wp\/v2\/users\/6"}],"replies":[{"embeddable":true,"href":"https:\/\/avintiainmobiliaria.com\/en\/wp-json\/wp\/v2\/comments?post=4114"}],"wp:featuredmedia":[{"embeddable":true,"href":"https:\/\/avintiainmobiliaria.com\/en\/wp-json\/wp\/v2\/media\/2783"}],"wp:attachment":[{"href":"https:\/\/avintiainmobiliaria.com\/en\/wp-json\/wp\/v2\/media?parent=4114"}],"wp:term":[{"taxonomy":"estatus","embeddable":true,"href":"https:\/\/avintiainmobiliaria.com\/en\/wp-json\/wp\/v2\/estatus?post=4114"},{"taxonomy":"linea","embeddable":true,"href":"https:\/\/avintiainmobiliaria.com\/en\/wp-json\/wp\/v2\/linea?post=4114"},{"taxonomy":"destacado","embeddable":true,"href":"https:\/\/avintiainmobiliaria.com\/en\/wp-json\/wp\/v2\/destacado?post=4114"}],"curies":[{"name":"wp","href":"https:\/\/api.w.org\/{rel}","templated":true}]}}