{"id":4155,"date":"2024-10-15T16:55:03","date_gmt":"2024-10-15T14:55:03","guid":{"rendered":"https:\/\/avintiainmobiliaria.com\/proyectos\/fernandez-caro-107-homes-en-desarrollo\/"},"modified":"2025-09-15T14:14:30","modified_gmt":"2025-09-15T12:14:30","slug":"fernandez-caro-107-homes-en-desarrollo","status":"publish","type":"proyectos","link":"https:\/\/avintiainmobiliaria.com\/en\/projects\/fernandez-caro-107-homes-en-desarrollo\/","title":{"rendered":"Fern\u00e1ndez Caro \u2013 107 homes | EN DESARROLLO |"},"content":{"rendered":"\n<div class=\"wp-block-uagb-container uagb-block-eb28758e alignfull uagb-is-root-container\"><div class=\"uagb-container-inner-blocks-wrap\">\n<div class=\"wp-block-uagb-container uagb-block-fb54b1f2\">\n<div class=\"wp-block-uagb-advanced-heading uagb-block-82b05ac6\"><h2 class=\"uagb-heading-text\">El proyecto<\/h2><\/div>\n\n\n\n<p>Edificio residential complex que consiste en un bloque en L que desarrolla 107 homes, trasteros y garaje Coworking y Gimnasio. La parcela, de forma triangular, linda al suroeste con la Calle Doctor Vallejo y al sureste con la Calle Fernandez Caro. Se encuentra en el distrito de Ciudad lineal, barrio de la Concepci\u00f3n, (Madrid) .Tiene una superficie de 1.411,33m\u00b2 seg\u00fan la ordenaci\u00f3n. Su principal uso caracter\u00edstico es residential complex vivienda colectiva en manzana cerrada con espacios libres privados, y garaje-aparcamiento como uso compatible.<\/p>\n\n\n\n<p>El edificio consta de planta baja m\u00e1s cuatro plantas sobre rasante y \u00e1tico. La planta baja est\u00e1 destinada a usos comunes tales como coworking y gimnasio; y las cuatro plantas superiores est\u00e1n destinadas a homes. Adem\u00e1s en planta baja, se sit\u00faan los accesos a los portales y las \u00e1reas ajardinadas. El edificio se divide en dos portales. El edificio consta de dos plantas bajo rasante destinadas a garaje, cuartos de bicicletas, trasteros e instalaciones. El acceso a los portales es interior y se produce desde la Calle Doctor Vallejo y al sureste con la Calle Fernandez Caro.<\/p>\n<\/div>\n\n\n\n<div class=\"wp-block-uagb-container uagb-block-32e91283\">\n<div class=\"wp-block-uagb-image uagb-block-3f0448bc wp-block-uagb-image--layout-default wp-block-uagb-image--effect-static wp-block-uagb-image--align-none\"><figure class=\"wp-block-uagb-image__figure\"><img decoding=\"async\" srcset=\"https:\/\/avintiainmobiliaria.com\/wp-content\/uploads\/\/avintia-fernandez-caro-1-1200x941.webp ,https:\/\/avintiainmobiliaria.com\/wp-content\/uploads\/avintia-fernandez-caro-1.webp 780w, https:\/\/avintiainmobiliaria.com\/wp-content\/uploads\/avintia-fernandez-caro-1.webp 360w\" sizes=\"auto, (max-width: 480px) 150px\" src=\"https:\/\/avintiainmobiliaria.com\/wp-content\/uploads\/\/avintia-fernandez-caro-1-1200x941.webp\" alt=\"Avintia Fernandez Caro 1\" class=\"uag-image-1263\" width=\"1200\" height=\"674\" title=\"Avintia Fernandez Caro 1\" loading=\"lazy\" role=\"img\"\/><\/figure><\/div>\n<\/div>\n<\/div><\/div>\n\n<div class=\"wp-block-uagb-container uagb-block-2d4e43e9 alignfull uagb-is-root-container\"><div class=\"uagb-container-inner-blocks-wrap\">\n<div class=\"wp-block-uagb-container uagb-block-e0bd827c\">\n<div class=\"wp-block-uagb-image uagb-block-ac98f88c wp-block-uagb-image--layout-default wp-block-uagb-image--effect-static wp-block-uagb-image--align-none\"><figure class=\"wp-block-uagb-image__figure\"><img decoding=\"async\" srcset=\"https:\/\/avintiainmobiliaria.com\/wp-content\/uploads\/\/avintia-fernandez-caro-4-1200x433.webp ,https:\/\/avintiainmobiliaria.com\/wp-content\/uploads\/avintia-fernandez-caro-4.webp 780w, https:\/\/avintiainmobiliaria.com\/wp-content\/uploads\/avintia-fernandez-caro-4.webp 360w\" sizes=\"auto, (max-width: 480px) 150px\" src=\"https:\/\/avintiainmobiliaria.com\/wp-content\/uploads\/\/avintia-fernandez-caro-4-1200x433.webp\" alt=\"Avintia Fernandez Caro 4\" class=\"uag-image-1266\" width=\"1200\" height=\"674\" title=\"Avintia Fernandez Caro 4\" loading=\"lazy\" role=\"img\"\/><\/figure><\/div>\n<\/div>\n\n\n\n<div class=\"wp-block-uagb-container uagb-block-83042e3d\">\n<p>Un programa de vivienda colectiva de 1, 2 y 3 bedrooms que se divide de la siguiente manera: 42 homes de 1 dormitorio, 54 homes de 2 bedrooms y 11 homes de 3 bedrooms, sumando un total de 107 homes.\u00a0<\/p>\n\n\n\n<p>Existen un total de 107 plazas de aparcamiento (48 de ellas se encuentran en la planta s\u00f3tano 1 y 59 en planta s\u00f3tano 2).<\/p>\n<\/div>\n<\/div><\/div>\n\n<div class=\"wp-block-uagb-container uagb-block-f2ccf642 alignfull uagb-is-root-container\"><div class=\"uagb-container-inner-blocks-wrap\">\n<div class=\"wp-block-uagb-container uagb-block-908ba1f4\">\n<p>Sistema estructural a base de pilares de hormig\u00f3n armado y forjados unidireccionales de vigueta y bovedilla con vigas planas.<\/p>\n\n\n\n<p>Sistema envolvente mediante Sistema de Aislamiento T\u00e9rmico Exterior (SATE) que dota a la envolvente de un \u00f3ptimo aislamiento t\u00e9rmico, acabado con un revestimiento mineral en diferentes colores seg\u00fan dise\u00f1os de fachada sobre f\u00e1brica de ladrillo, c\u00e1mara, segunda capa de aislamiento y trasdosado de cart\u00f3n yeso; aislada ac\u00fastica y t\u00e9rmicamente seg\u00fan normativa; fachada en LCV en planta baja y enfoscada en \u00e1ticos.<\/p>\n<\/div>\n\n\n\n<div class=\"wp-block-uagb-container uagb-block-d025187d\">\n<div class=\"wp-block-uagb-image uagb-block-89dca1ef wp-block-uagb-image--layout-default wp-block-uagb-image--effect-static wp-block-uagb-image--align-none\"><figure class=\"wp-block-uagb-image__figure\"><img decoding=\"async\" srcset=\"https:\/\/avintiainmobiliaria.com\/wp-content\/uploads\/\/avintia-fernandez-caro-2-1200x957.webp ,https:\/\/avintiainmobiliaria.com\/wp-content\/uploads\/avintia-fernandez-caro-2.webp 780w, https:\/\/avintiainmobiliaria.com\/wp-content\/uploads\/avintia-fernandez-caro-2.webp 360w\" sizes=\"auto, (max-width: 480px) 150px\" src=\"https:\/\/avintiainmobiliaria.com\/wp-content\/uploads\/\/avintia-fernandez-caro-2-1200x957.webp\" alt=\"Avintia Fernandez Caro 2\" class=\"uag-image-1264\" width=\"1200\" height=\"674\" title=\"Avintia Fernandez Caro 2\" loading=\"lazy\" role=\"img\"\/><\/figure><\/div>\n<\/div>\n<\/div><\/div>\n\n<div class=\"wp-block-uagb-container uagb-block-880b0ec9 alignfull uagb-is-root-container\"><div class=\"uagb-container-inner-blocks-wrap\">\n<div class=\"wp-block-uagb-advanced-heading uagb-block-84f361b4\"><h2 class=\"uagb-heading-text\">Galer\u00eda<\/h2><\/div>\n\n\n\n<hr class=\"wp-block-separator has-text-color has-ast-global-color-1-color has-alpha-channel-opacity has-ast-global-color-1-background-color has-background is-style-wide\" style=\"margin-top:0;margin-bottom:0\"\/>\n\n\n\n<figure class=\"wp-block-gallery has-nested-images columns-default is-cropped wp-block-gallery-1 is-layout-flex wp-block-gallery-is-layout-flex\">\n<figure class=\"wp-block-image size-large\"><a href=\"https:\/\/avintiainmobiliaria.com\/wp-content\/uploads\/avintia-fernandez-caro-4.webp\" data-lbwps-width=\"1600\" data-lbwps-height=\"577\" data-lbwps-srcsmall=\"https:\/\/avintiainmobiliaria.com\/wp-content\/uploads\/avintia-fernandez-caro-4-420x151.webp\"><img loading=\"lazy\" decoding=\"async\" width=\"1200\" height=\"433\" data-id=\"1266\" src=\"https:\/\/avintiainmobiliaria.com\/wp-content\/uploads\/\/avintia-fernandez-caro-4-1200x433.webp\" alt=\"Avintia Fernandez Caro 4\" class=\"wp-image-1266\" srcset=\"https:\/\/avintiainmobiliaria.com\/wp-content\/uploads\/avintia-fernandez-caro-4-1200x433.webp 1200w, https:\/\/avintiainmobiliaria.com\/wp-content\/uploads\/avintia-fernandez-caro-4-921x332.webp 921w, https:\/\/avintiainmobiliaria.com\/wp-content\/uploads\/avintia-fernandez-caro-4-420x151.webp 420w, https:\/\/avintiainmobiliaria.com\/wp-content\/uploads\/avintia-fernandez-caro-4-768x277.webp 768w, https:\/\/avintiainmobiliaria.com\/wp-content\/uploads\/avintia-fernandez-caro-4-1536x554.webp 1536w, https:\/\/avintiainmobiliaria.com\/wp-content\/uploads\/avintia-fernandez-caro-4.webp 1600w\" sizes=\"auto, (max-width: 1200px) 100vw, 1200px\" \/><\/a><figcaption class=\"wp-element-caption\">Avintia Fernandez Caro 4<\/figcaption><\/figure>\n\n\n\n<figure class=\"wp-block-image size-large\"><a href=\"https:\/\/avintiainmobiliaria.com\/wp-content\/uploads\/avintia-fernandez-caro-3.webp\" data-lbwps-width=\"1600\" data-lbwps-height=\"593\" data-lbwps-srcsmall=\"https:\/\/avintiainmobiliaria.com\/wp-content\/uploads\/avintia-fernandez-caro-3-420x156.webp\"><img loading=\"lazy\" decoding=\"async\" width=\"1200\" height=\"445\" data-id=\"1265\" src=\"https:\/\/avintiainmobiliaria.com\/wp-content\/uploads\/\/avintia-fernandez-caro-3-1200x445.webp\" alt=\"Avintia Fernandez Caro 3\" class=\"wp-image-1265\" srcset=\"https:\/\/avintiainmobiliaria.com\/wp-content\/uploads\/avintia-fernandez-caro-3-1200x445.webp 1200w, https:\/\/avintiainmobiliaria.com\/wp-content\/uploads\/avintia-fernandez-caro-3-921x341.webp 921w, https:\/\/avintiainmobiliaria.com\/wp-content\/uploads\/avintia-fernandez-caro-3-420x156.webp 420w, https:\/\/avintiainmobiliaria.com\/wp-content\/uploads\/avintia-fernandez-caro-3-768x285.webp 768w, https:\/\/avintiainmobiliaria.com\/wp-content\/uploads\/avintia-fernandez-caro-3-1536x569.webp 1536w, https:\/\/avintiainmobiliaria.com\/wp-content\/uploads\/avintia-fernandez-caro-3.webp 1600w\" sizes=\"auto, (max-width: 1200px) 100vw, 1200px\" \/><\/a><figcaption class=\"wp-element-caption\">Avintia Fernandez Caro 3<\/figcaption><\/figure>\n\n\n\n<figure class=\"wp-block-image size-large\"><a href=\"https:\/\/avintiainmobiliaria.com\/wp-content\/uploads\/avintia-fernandez-caro-2.webp\" data-lbwps-width=\"1600\" data-lbwps-height=\"1276\" data-lbwps-srcsmall=\"https:\/\/avintiainmobiliaria.com\/wp-content\/uploads\/avintia-fernandez-caro-2-420x335.webp\"><img loading=\"lazy\" decoding=\"async\" width=\"1200\" height=\"957\" data-id=\"1264\" src=\"https:\/\/avintiainmobiliaria.com\/wp-content\/uploads\/\/avintia-fernandez-caro-2-1200x957.webp\" alt=\"Avintia Fernandez Caro 2\" class=\"wp-image-1264\" srcset=\"https:\/\/avintiainmobiliaria.com\/wp-content\/uploads\/avintia-fernandez-caro-2-1200x957.webp 1200w, https:\/\/avintiainmobiliaria.com\/wp-content\/uploads\/avintia-fernandez-caro-2-921x734.webp 921w, https:\/\/avintiainmobiliaria.com\/wp-content\/uploads\/avintia-fernandez-caro-2-420x335.webp 420w, https:\/\/avintiainmobiliaria.com\/wp-content\/uploads\/avintia-fernandez-caro-2-768x612.webp 768w, https:\/\/avintiainmobiliaria.com\/wp-content\/uploads\/avintia-fernandez-caro-2-1536x1225.webp 1536w, https:\/\/avintiainmobiliaria.com\/wp-content\/uploads\/avintia-fernandez-caro-2.webp 1600w\" sizes=\"auto, (max-width: 1200px) 100vw, 1200px\" \/><\/a><figcaption class=\"wp-element-caption\">Avintia Fernandez Caro 2<\/figcaption><\/figure>\n\n\n\n<figure class=\"wp-block-image size-large\"><a href=\"https:\/\/avintiainmobiliaria.com\/wp-content\/uploads\/avintia-fernandez-caro-1.webp\" data-lbwps-width=\"1600\" data-lbwps-height=\"1254\" data-lbwps-srcsmall=\"https:\/\/avintiainmobiliaria.com\/wp-content\/uploads\/avintia-fernandez-caro-1-420x329.webp\"><img loading=\"lazy\" decoding=\"async\" width=\"1200\" height=\"941\" data-id=\"1263\" src=\"https:\/\/avintiainmobiliaria.com\/wp-content\/uploads\/\/avintia-fernandez-caro-1-1200x941.webp\" alt=\"Avintia Fernandez Caro 1\" class=\"wp-image-1263\" srcset=\"https:\/\/avintiainmobiliaria.com\/wp-content\/uploads\/avintia-fernandez-caro-1-1200x941.webp 1200w, https:\/\/avintiainmobiliaria.com\/wp-content\/uploads\/avintia-fernandez-caro-1-921x722.webp 921w, https:\/\/avintiainmobiliaria.com\/wp-content\/uploads\/avintia-fernandez-caro-1-420x329.webp 420w, https:\/\/avintiainmobiliaria.com\/wp-content\/uploads\/avintia-fernandez-caro-1-768x602.webp 768w, https:\/\/avintiainmobiliaria.com\/wp-content\/uploads\/avintia-fernandez-caro-1-1536x1204.webp 1536w, https:\/\/avintiainmobiliaria.com\/wp-content\/uploads\/avintia-fernandez-caro-1.webp 1600w\" sizes=\"auto, (max-width: 1200px) 100vw, 1200px\" \/><\/a><figcaption class=\"wp-element-caption\">Avintia Fernandez Caro 1<\/figcaption><\/figure>\n<\/figure>\n<\/div><\/div>\n","protected":false},"excerpt":{"rendered":"<p>El proyecto Edificio residential complex que consiste en un bloque en L que desarrolla 107 homes, trasteros y garaje Coworking [&hellip;]<\/p>\n","protected":false},"author":6,"featured_media":3044,"parent":0,"comment_status":"closed","ping_status":"closed","template":"","meta":{"_acf_changed":false,"inline_featured_image":false,"_uag_custom_page_level_css":"","site-sidebar-layout":"default","site-content-layout":"","ast-site-content-layout":"default","site-content-style":"default","site-sidebar-style":"default","ast-global-header-display":"","ast-banner-title-visibility":"","ast-main-header-display":"","ast-hfb-above-header-display":"","ast-hfb-below-header-display":"","ast-hfb-mobile-header-display":"","site-post-title":"","ast-breadcrumbs-content":"","ast-featured-img":"","footer-sml-layout":"","ast-disable-related-posts":"","theme-transparent-header-meta":"","adv-header-id-meta":"","stick-header-meta":"","header-above-stick-meta":"","header-main-stick-meta":"","header-below-stick-meta":"","astra-migrate-meta-layouts":"default","ast-page-background-enabled":"default","ast-page-background-meta":{"desktop":{"background-color":"var(--ast-global-color-4)","background-image":"","background-repeat":"repeat","background-position":"center center","background-size":"auto","background-attachment":"scroll","background-type":"","background-media":"","overlay-type":"","overlay-color":"","overlay-opacity":"","overlay-gradient":""},"tablet":{"background-color":"","background-image":"","background-repeat":"repeat","background-position":"center center","background-size":"auto","background-attachment":"scroll","background-type":"","background-media":"","overlay-type":"","overlay-color":"","overlay-opacity":"","overlay-gradient":""},"mobile":{"background-color":"","background-image":"","background-repeat":"repeat","background-position":"center center","background-size":"auto","background-attachment":"scroll","background-type":"","background-media":"","overlay-type":"","overlay-color":"","overlay-opacity":"","overlay-gradient":""}},"ast-content-background-meta":{"desktop":{"background-color":"var(--ast-global-color-5)","background-image":"","background-repeat":"repeat","background-position":"center center","background-size":"auto","background-attachment":"scroll","background-type":"","background-media":"","overlay-type":"","overlay-color":"","overlay-opacity":"","overlay-gradient":""},"tablet":{"background-color":"var(--ast-global-color-5)","background-image":"","background-repeat":"repeat","background-position":"center center","background-size":"auto","background-attachment":"scroll","background-type":"","background-media":"","overlay-type":"","overlay-color":"","overlay-opacity":"","overlay-gradient":""},"mobile":{"background-color":"var(--ast-global-color-5)","background-image":"","background-repeat":"repeat","background-position":"center center","background-size":"auto","background-attachment":"scroll","background-type":"","background-media":"","overlay-type":"","overlay-color":"","overlay-opacity":"","overlay-gradient":""}}},"estatus":[8],"linea":[11],"destacado":[],"class_list":["post-4155","proyectos","type-proyectos","status-publish","has-post-thumbnail","hentry","estatus-en-curso","linea-btr"],"acf":[],"yoast_head":"<!-- This site is optimized with the Yoast SEO plugin v27.3 - https:\/\/yoast.com\/product\/yoast-seo-wordpress\/ -->\n<title>Fern\u00e1ndez Caro \u2013 107 homes | EN DESARROLLO | - Avintia Inmobiliaria<\/title>\n<meta name=\"robots\" content=\"index, follow, max-snippet:-1, max-image-preview:large, max-video-preview:-1\" \/>\n<link rel=\"canonical\" href=\"https:\/\/avintiainmobiliaria.com\/en\/projects\/fernandez-caro-107-homes-en-desarrollo\/\" \/>\n<meta property=\"og:locale\" content=\"en_US\" \/>\n<meta property=\"og:type\" content=\"article\" \/>\n<meta property=\"og:title\" content=\"Fern\u00e1ndez Caro \u2013 107 homes | EN DESARROLLO | - Avintia Inmobiliaria\" \/>\n<meta property=\"og:description\" content=\"El proyecto Edificio residential complex que consiste en un bloque en L que desarrolla 107 homes, trasteros y garaje Coworking [&hellip;]\" \/>\n<meta property=\"og:url\" content=\"https:\/\/avintiainmobiliaria.com\/en\/projects\/fernandez-caro-107-homes-en-desarrollo\/\" \/>\n<meta property=\"og:site_name\" content=\"Avintia Inmobiliaria\" \/>\n<meta property=\"article:modified_time\" content=\"2025-09-15T12:14:30+00:00\" \/>\n<meta property=\"og:image\" content=\"https:\/\/avintiainmobiliaria.com\/wp-content\/uploads\/avintia-fernandez-caro-4.webp\" \/>\n\t<meta property=\"og:image:width\" content=\"1600\" \/>\n\t<meta property=\"og:image:height\" content=\"577\" \/>\n\t<meta property=\"og:image:type\" content=\"image\/webp\" \/>\n<meta name=\"twitter:card\" content=\"summary_large_image\" \/>\n<meta name=\"twitter:label1\" content=\"Est. reading time\" \/>\n\t<meta name=\"twitter:data1\" content=\"2 minutes\" \/>\n<script type=\"application\/ld+json\" class=\"yoast-schema-graph\">{\"@context\":\"https:\\\/\\\/schema.org\",\"@graph\":[{\"@type\":\"WebPage\",\"@id\":\"https:\\\/\\\/avintiainmobiliaria.com\\\/en\\\/projects\\\/fernandez-caro-107-homes-en-desarrollo\\\/\",\"url\":\"https:\\\/\\\/avintiainmobiliaria.com\\\/en\\\/projects\\\/fernandez-caro-107-homes-en-desarrollo\\\/\",\"name\":\"Fern\u00e1ndez Caro \u2013 107 homes | EN DESARROLLO | - Avintia Inmobiliaria\",\"isPartOf\":{\"@id\":\"https:\\\/\\\/avintiainmobiliaria.com\\\/en\\\/#website\"},\"primaryImageOfPage\":{\"@id\":\"https:\\\/\\\/avintiainmobiliaria.com\\\/en\\\/projects\\\/fernandez-caro-107-homes-en-desarrollo\\\/#primaryimage\"},\"image\":{\"@id\":\"https:\\\/\\\/avintiainmobiliaria.com\\\/en\\\/projects\\\/fernandez-caro-107-homes-en-desarrollo\\\/#primaryimage\"},\"thumbnailUrl\":\"https:\\\/\\\/avintiainmobiliaria.com\\\/wp-content\\\/uploads\\\/avintia-fernandez-caro-4.webp\",\"datePublished\":\"2024-10-15T14:55:03+00:00\",\"dateModified\":\"2025-09-15T12:14:30+00:00\",\"breadcrumb\":{\"@id\":\"https:\\\/\\\/avintiainmobiliaria.com\\\/en\\\/projects\\\/fernandez-caro-107-homes-en-desarrollo\\\/#breadcrumb\"},\"inLanguage\":\"en-US\",\"potentialAction\":[{\"@type\":\"ReadAction\",\"target\":[\"https:\\\/\\\/avintiainmobiliaria.com\\\/en\\\/projects\\\/fernandez-caro-107-homes-en-desarrollo\\\/\"]}]},{\"@type\":\"ImageObject\",\"inLanguage\":\"en-US\",\"@id\":\"https:\\\/\\\/avintiainmobiliaria.com\\\/en\\\/projects\\\/fernandez-caro-107-homes-en-desarrollo\\\/#primaryimage\",\"url\":\"https:\\\/\\\/avintiainmobiliaria.com\\\/wp-content\\\/uploads\\\/avintia-fernandez-caro-4.webp\",\"contentUrl\":\"https:\\\/\\\/avintiainmobiliaria.com\\\/wp-content\\\/uploads\\\/avintia-fernandez-caro-4.webp\",\"width\":1600,\"height\":577,\"caption\":\"Avintia Fernandez Caro 4\"},{\"@type\":\"BreadcrumbList\",\"@id\":\"https:\\\/\\\/avintiainmobiliaria.com\\\/en\\\/projects\\\/fernandez-caro-107-homes-en-desarrollo\\\/#breadcrumb\",\"itemListElement\":[{\"@type\":\"ListItem\",\"position\":1,\"name\":\"Portada\",\"item\":\"https:\\\/\\\/avintiainmobiliaria.com\\\/en\\\/\"},{\"@type\":\"ListItem\",\"position\":2,\"name\":\"Projects\",\"item\":\"https:\\\/\\\/avintiainmobiliaria.com\\\/en\\\/projects\\\/\"},{\"@type\":\"ListItem\",\"position\":3,\"name\":\"Fern\u00e1ndez Caro \u2013 107 homes | EN DESARROLLO |\"}]},{\"@type\":\"WebSite\",\"@id\":\"https:\\\/\\\/avintiainmobiliaria.com\\\/en\\\/#website\",\"url\":\"https:\\\/\\\/avintiainmobiliaria.com\\\/en\\\/\",\"name\":\"Avintia Inmobiliaria\",\"description\":\"\",\"publisher\":{\"@id\":\"https:\\\/\\\/avintiainmobiliaria.com\\\/en\\\/#organization\"},\"potentialAction\":[{\"@type\":\"SearchAction\",\"target\":{\"@type\":\"EntryPoint\",\"urlTemplate\":\"https:\\\/\\\/avintiainmobiliaria.com\\\/en\\\/?s={search_term_string}\"},\"query-input\":{\"@type\":\"PropertyValueSpecification\",\"valueRequired\":true,\"valueName\":\"search_term_string\"}}],\"inLanguage\":\"en-US\"},{\"@type\":\"Organization\",\"@id\":\"https:\\\/\\\/avintiainmobiliaria.com\\\/en\\\/#organization\",\"name\":\"Avintia Inmobiliaria\",\"url\":\"https:\\\/\\\/avintiainmobiliaria.com\\\/en\\\/\",\"logo\":{\"@type\":\"ImageObject\",\"inLanguage\":\"en-US\",\"@id\":\"https:\\\/\\\/avintiainmobiliaria.com\\\/en\\\/#\\\/schema\\\/logo\\\/image\\\/\",\"url\":\"https:\\\/\\\/avintiainmobiliaria.com\\\/wp-content\\\/uploads\\\/logo-avintia-inmobiliaria-a.svg\",\"contentUrl\":\"https:\\\/\\\/avintiainmobiliaria.com\\\/wp-content\\\/uploads\\\/logo-avintia-inmobiliaria-a.svg\",\"width\":141,\"height\":13,\"caption\":\"Avintia Inmobiliaria\"},\"image\":{\"@id\":\"https:\\\/\\\/avintiainmobiliaria.com\\\/en\\\/#\\\/schema\\\/logo\\\/image\\\/\"}}]}<\/script>\n<!-- \/ Yoast SEO plugin. -->","yoast_head_json":{"title":"Fern\u00e1ndez Caro \u2013 107 homes | EN DESARROLLO | - Avintia Inmobiliaria","robots":{"index":"index","follow":"follow","max-snippet":"max-snippet:-1","max-image-preview":"max-image-preview:large","max-video-preview":"max-video-preview:-1"},"canonical":"https:\/\/avintiainmobiliaria.com\/en\/projects\/fernandez-caro-107-homes-en-desarrollo\/","og_locale":"en_US","og_type":"article","og_title":"Fern\u00e1ndez Caro \u2013 107 homes | EN DESARROLLO | - Avintia Inmobiliaria","og_description":"El proyecto Edificio residential complex que consiste en un bloque en L que desarrolla 107 homes, trasteros y garaje Coworking [&hellip;]","og_url":"https:\/\/avintiainmobiliaria.com\/en\/projects\/fernandez-caro-107-homes-en-desarrollo\/","og_site_name":"Avintia Inmobiliaria","article_modified_time":"2025-09-15T12:14:30+00:00","og_image":[{"width":1600,"height":577,"url":"https:\/\/avintiainmobiliaria.com\/wp-content\/uploads\/avintia-fernandez-caro-4.webp","type":"image\/webp"}],"twitter_card":"summary_large_image","twitter_misc":{"Est. reading time":"2 minutes"},"schema":{"@context":"https:\/\/schema.org","@graph":[{"@type":"WebPage","@id":"https:\/\/avintiainmobiliaria.com\/en\/projects\/fernandez-caro-107-homes-en-desarrollo\/","url":"https:\/\/avintiainmobiliaria.com\/en\/projects\/fernandez-caro-107-homes-en-desarrollo\/","name":"Fern\u00e1ndez Caro \u2013 107 homes | EN DESARROLLO | - Avintia Inmobiliaria","isPartOf":{"@id":"https:\/\/avintiainmobiliaria.com\/en\/#website"},"primaryImageOfPage":{"@id":"https:\/\/avintiainmobiliaria.com\/en\/projects\/fernandez-caro-107-homes-en-desarrollo\/#primaryimage"},"image":{"@id":"https:\/\/avintiainmobiliaria.com\/en\/projects\/fernandez-caro-107-homes-en-desarrollo\/#primaryimage"},"thumbnailUrl":"https:\/\/avintiainmobiliaria.com\/wp-content\/uploads\/avintia-fernandez-caro-4.webp","datePublished":"2024-10-15T14:55:03+00:00","dateModified":"2025-09-15T12:14:30+00:00","breadcrumb":{"@id":"https:\/\/avintiainmobiliaria.com\/en\/projects\/fernandez-caro-107-homes-en-desarrollo\/#breadcrumb"},"inLanguage":"en-US","potentialAction":[{"@type":"ReadAction","target":["https:\/\/avintiainmobiliaria.com\/en\/projects\/fernandez-caro-107-homes-en-desarrollo\/"]}]},{"@type":"ImageObject","inLanguage":"en-US","@id":"https:\/\/avintiainmobiliaria.com\/en\/projects\/fernandez-caro-107-homes-en-desarrollo\/#primaryimage","url":"https:\/\/avintiainmobiliaria.com\/wp-content\/uploads\/avintia-fernandez-caro-4.webp","contentUrl":"https:\/\/avintiainmobiliaria.com\/wp-content\/uploads\/avintia-fernandez-caro-4.webp","width":1600,"height":577,"caption":"Avintia Fernandez Caro 4"},{"@type":"BreadcrumbList","@id":"https:\/\/avintiainmobiliaria.com\/en\/projects\/fernandez-caro-107-homes-en-desarrollo\/#breadcrumb","itemListElement":[{"@type":"ListItem","position":1,"name":"Portada","item":"https:\/\/avintiainmobiliaria.com\/en\/"},{"@type":"ListItem","position":2,"name":"Projects","item":"https:\/\/avintiainmobiliaria.com\/en\/projects\/"},{"@type":"ListItem","position":3,"name":"Fern\u00e1ndez Caro \u2013 107 homes | EN DESARROLLO |"}]},{"@type":"WebSite","@id":"https:\/\/avintiainmobiliaria.com\/en\/#website","url":"https:\/\/avintiainmobiliaria.com\/en\/","name":"Avintia Inmobiliaria","description":"","publisher":{"@id":"https:\/\/avintiainmobiliaria.com\/en\/#organization"},"potentialAction":[{"@type":"SearchAction","target":{"@type":"EntryPoint","urlTemplate":"https:\/\/avintiainmobiliaria.com\/en\/?s={search_term_string}"},"query-input":{"@type":"PropertyValueSpecification","valueRequired":true,"valueName":"search_term_string"}}],"inLanguage":"en-US"},{"@type":"Organization","@id":"https:\/\/avintiainmobiliaria.com\/en\/#organization","name":"Avintia Inmobiliaria","url":"https:\/\/avintiainmobiliaria.com\/en\/","logo":{"@type":"ImageObject","inLanguage":"en-US","@id":"https:\/\/avintiainmobiliaria.com\/en\/#\/schema\/logo\/image\/","url":"https:\/\/avintiainmobiliaria.com\/wp-content\/uploads\/logo-avintia-inmobiliaria-a.svg","contentUrl":"https:\/\/avintiainmobiliaria.com\/wp-content\/uploads\/logo-avintia-inmobiliaria-a.svg","width":141,"height":13,"caption":"Avintia Inmobiliaria"},"image":{"@id":"https:\/\/avintiainmobiliaria.com\/en\/#\/schema\/logo\/image\/"}}]}},"uagb_featured_image_src":{"full":["https:\/\/avintiainmobiliaria.com\/wp-content\/uploads\/avintia-fernandez-caro-4.webp",1600,577,false],"thumbnail":["https:\/\/avintiainmobiliaria.com\/wp-content\/uploads\/avintia-fernandez-caro-4-420x151.webp",420,151,true],"medium":["https:\/\/avintiainmobiliaria.com\/wp-content\/uploads\/avintia-fernandez-caro-4-921x332.webp",921,332,true],"medium_large":["https:\/\/avintiainmobiliaria.com\/wp-content\/uploads\/avintia-fernandez-caro-4-768x277.webp",768,277,true],"large":["https:\/\/avintiainmobiliaria.com\/wp-content\/uploads\/avintia-fernandez-caro-4-1200x433.webp",1200,433,true],"1536x1536":["https:\/\/avintiainmobiliaria.com\/wp-content\/uploads\/avintia-fernandez-caro-4-1536x554.webp",1536,554,true],"2048x2048":["https:\/\/avintiainmobiliaria.com\/wp-content\/uploads\/avintia-fernandez-caro-4.webp",1600,577,false],"gform-image-choice-sm":["https:\/\/avintiainmobiliaria.com\/wp-content\/uploads\/avintia-fernandez-caro-4.webp",300,108,false],"gform-image-choice-md":["https:\/\/avintiainmobiliaria.com\/wp-content\/uploads\/avintia-fernandez-caro-4.webp",400,144,false],"gform-image-choice-lg":["https:\/\/avintiainmobiliaria.com\/wp-content\/uploads\/avintia-fernandez-caro-4.webp",600,216,false]},"uagb_author_info":{"display_name":"Manu Gallego","author_link":"https:\/\/avintiainmobiliaria.com\/en\/author\/manu\/"},"uagb_comment_info":0,"uagb_excerpt":"El proyecto Edificio residential complex que consiste en un bloque en L que desarrolla 107 homes, trasteros y garaje Coworking [&hellip;]","_links":{"self":[{"href":"https:\/\/avintiainmobiliaria.com\/en\/wp-json\/wp\/v2\/proyectos\/4155","targetHints":{"allow":["GET"]}}],"collection":[{"href":"https:\/\/avintiainmobiliaria.com\/en\/wp-json\/wp\/v2\/proyectos"}],"about":[{"href":"https:\/\/avintiainmobiliaria.com\/en\/wp-json\/wp\/v2\/types\/proyectos"}],"author":[{"embeddable":true,"href":"https:\/\/avintiainmobiliaria.com\/en\/wp-json\/wp\/v2\/users\/6"}],"replies":[{"embeddable":true,"href":"https:\/\/avintiainmobiliaria.com\/en\/wp-json\/wp\/v2\/comments?post=4155"}],"wp:featuredmedia":[{"embeddable":true,"href":"https:\/\/avintiainmobiliaria.com\/en\/wp-json\/wp\/v2\/media\/3044"}],"wp:attachment":[{"href":"https:\/\/avintiainmobiliaria.com\/en\/wp-json\/wp\/v2\/media?parent=4155"}],"wp:term":[{"taxonomy":"estatus","embeddable":true,"href":"https:\/\/avintiainmobiliaria.com\/en\/wp-json\/wp\/v2\/estatus?post=4155"},{"taxonomy":"linea","embeddable":true,"href":"https:\/\/avintiainmobiliaria.com\/en\/wp-json\/wp\/v2\/linea?post=4155"},{"taxonomy":"destacado","embeddable":true,"href":"https:\/\/avintiainmobiliaria.com\/en\/wp-json\/wp\/v2\/destacado?post=4155"}],"curies":[{"name":"wp","href":"https:\/\/api.w.org\/{rel}","templated":true}]}}